{"id":179,"date":"2019-11-04T14:08:21","date_gmt":"2019-11-04T14:08:21","guid":{"rendered":"https:\/\/xn--aachener-mutbrger-f3b.de\/?page_id=179"},"modified":"2026-04-06T10:50:37","modified_gmt":"2026-04-06T10:50:37","slug":"veranstaltungen","status":"publish","type":"page","link":"https:\/\/xn--aachener-mutbrger-f3b.de\/?page_id=179","title":{"rendered":"Termine"},"content":{"rendered":"\n<div class=\"wp-block-group\"><div class=\"wp-block-group__inner-container\">\n<p><\/p>\n<\/div><\/div>\n\n\n\n<div class=\"wp-block-columns\">\n<div class=\"wp-block-column\">\n<h2 style=\"text-align: center;\"><span style=\"color: #ff6600;\">N\u00e4chste Treffen:<\/span><\/h2>\n<h2 style=\"text-align: center;\"><span style=\"color: #0000ff;\">Wir treffen uns&nbsp; wie gewohnt <br><\/span><\/h2>\n<h2 style=\"text-align: center;\"><span style=\"color: #0000ff;\">donnerstags jeweils um 18.00 Uhr in der Gastst\u00e4tte Exil, <\/span><\/h2>\n<h2 style=\"text-align: center;\"><span style=\"color: #0000ff;\">Aachen <\/span><span style=\"color: #0000ff;\">Schlossstra\u00dfe 2 an folgenden Terminen:<\/span><\/h2>\n<h2 style=\"text-align: center;\"><span style=\"color: #0000ff;\">&#8211; 9. April 2026<\/span><\/h2>\n<h2 style=\"text-align: center;\"><span style=\"color: #0000ff;\"> &#8211; 21. Mai 2026<\/span><\/h2>\n<h2 style=\"text-align: center;\"><span style=\"color: #0000ff;\"> &#8211; 11.Juni 2026<\/span><\/h2>\n\n\n\n<p><\/p>\n<\/div>\n<\/div>\n\n\n\n<div class=\"wp-block-group\"><div class=\"wp-block-group__inner-container\">\n<div class=\"wp-block-group\"><div class=\"wp-block-group__inner-container\">\n<h1 class=\"has-text-align-center\"><span class=\"has-inline-color has-luminous-vivid-orange-color\">Kommende Veranstaltung:<\/span> <\/h1>\n\n\n\n<h2 class=\"has-text-align-center\"><span class=\"has-inline-color has-vivid-cyan-blue-color\">Liebe Freundinnen und Freunde der Demokratie, <\/span><\/h2>\n\n\n\n<p><br>sch\u00f6n, dass du bei der Veranstaltung <strong>\u201eIs it true?\u201c<\/strong> am 26.11.2025 dabei warst. Wir hoffen, der Einblick ins Faktenchecken war f\u00fcr dich spannend und du konntest ein paar n\u00fctzliche Tipps zum Erkennen von Falschbehauptungen mitnehmen.&nbsp;<\/p>\n\n\n\n<p>CORRECTIV hat das Treffen digital mitgestaltet, zu dem zahlreiche interessente Menschen erschienen, die am Ende der Veranstaltung beschlossen eine &#8222;Regionale Recherchegruppe&#8220; zu bilden, die jetzt den Namen<\/p>\n\n\n\n<p><strong><span class=\"has-inline-color has-vivid-cyan-blue-color\">CORRECTIV.Faktenforum Lokalgruppe<\/span> <\/strong>tr\u00e4gt.<\/p>\n\n\n\n<p><\/p>\n\n\n\n<p><span class=\"has-inline-color has-vivid-cyan-blue-color\"><strong>Das erste Treffen dieser Gruppe fand am 26.M\u00e4rz um 18.00 Uhr in der Gastst\u00e4tte Exil Schlosstra\u00dfe 2 statt.<\/strong> <\/span><\/p>\n\n\n\n<p><\/p>\n\n\n\n<p><span class=\"has-inline-color has-vivid-cyan-blue-color\">Das n\u00e4chste Treffen folgt am 23.04. 2026  <strong>um 18.00 Uhr in der Gastst\u00e4tte Exil Schlosstra\u00dfe 2. <\/strong> <\/span><\/p>\n\n\n\n<p> <\/p>\n\n\n\n<p class=\"has-text-align-center\">                     <\/p>\n\n\n\n<div class=\"wp-block-group\"><div class=\"wp-block-group__inner-container\"><\/div><\/div>\n<\/div><\/div>\n<\/div><\/div>\n\n\n\n<p><\/p>\n\n\n\n<h2><\/h2>\n","protected":false},"excerpt":{"rendered":"<p>N\u00e4chste Treffen: Wir treffen uns&nbsp; wie gewohnt donnerstags jeweils um 18.00 Uhr in der Gastst\u00e4tte Exil, Aachen Schlossstra\u00dfe 2 an folgenden Terminen: &#8211; 9. April 2026 &#8211; 21. Mai 2026 &#8211; 11.Juni 2026 Kommende Veranstaltung: Liebe Freundinnen und Freunde der Demokratie, sch\u00f6n, dass du bei der Veranstaltung \u201eIs it true?\u201c am 26.11.2025 dabei warst. Wir &#8230; <a title=\"Termine\" class=\"read-more\" href=\"https:\/\/xn--aachener-mutbrger-f3b.de\/?page_id=179\">Read more<span class=\"screen-reader-text\">Termine<\/span><\/a><\/p>\n","protected":false},"author":1,"featured_media":0,"parent":0,"menu_order":0,"comment_status":"closed","ping_status":"closed","template":"","meta":[],"_links":{"self":[{"href":"https:\/\/xn--aachener-mutbrger-f3b.de\/index.php?rest_route=\/wp\/v2\/pages\/179"}],"collection":[{"href":"https:\/\/xn--aachener-mutbrger-f3b.de\/index.php?rest_route=\/wp\/v2\/pages"}],"about":[{"href":"https:\/\/xn--aachener-mutbrger-f3b.de\/index.php?rest_route=\/wp\/v2\/types\/page"}],"author":[{"embeddable":true,"href":"https:\/\/xn--aachener-mutbrger-f3b.de\/index.php?rest_route=\/wp\/v2\/users\/1"}],"replies":[{"embeddable":true,"href":"https:\/\/xn--aachener-mutbrger-f3b.de\/index.php?rest_route=%2Fwp%2Fv2%2Fcomments&post=179"}],"version-history":[{"count":146,"href":"https:\/\/xn--aachener-mutbrger-f3b.de\/index.php?rest_route=\/wp\/v2\/pages\/179\/revisions"}],"predecessor-version":[{"id":924,"href":"https:\/\/xn--aachener-mutbrger-f3b.de\/index.php?rest_route=\/wp\/v2\/pages\/179\/revisions\/924"}],"wp:attachment":[{"href":"https:\/\/xn--aachener-mutbrger-f3b.de\/index.php?rest_route=%2Fwp%2Fv2%2Fmedia&parent=179"}],"curies":[{"name":"wp","href":"https:\/\/api.w.org\/{rel}","templated":true}]}}